{"id":15209,"date":"2014-02-02T10:52:42","date_gmt":"2014-02-02T10:52:42","guid":{"rendered":"https:\/\/www.iacteachers.org\/blog\/"},"modified":"2022-09-20T13:12:47","modified_gmt":"2022-09-20T13:12:47","slug":"blog","status":"publish","type":"page","link":"https:\/\/www.iacteachers.org\/fr\/blog\/","title":{"rendered":"Blog"},"content":{"rendered":"<section class=\"wpb-content-wrapper\"><p>[vc_row][vc_column]\n\t<div class=\"sq-posts-data\" style=\"display: none;\"><input type=\"hidden\" id=\"post-security\" name=\"post-security\" value=\"76c872790c\" \/><input type=\"hidden\" name=\"_wp_http_referer\" value=\"\/fr\/wp-json\/wp\/v2\/pages\/15209\" \/><input type=\"hidden\" name=\"pitem\" value=\"1\"><input type=\"hidden\" name=\"post_id\" value=\"15209\"><\/div>\n\t\n\t\n\t\t<div class=\"posts-listing responsive-cols kleo-masonry per-row-4 no-meta masonry-listing\">\n\n\t\n\t\n<article id=\"post-15545\" class=\"post-item post-15545 post type-post status-publish format-standard has-post-thumbnail hentry category-blog-fr pmpro-has-access\">\n    <div class=\"post-content animated animate-when-almost-visible el-appear\">\n\n\t\t<div class=\"post-image\"><a href=\"https:\/\/www.iacteachers.org\/fr\/limpact-des-pratiques-pedagogiques-sur-les-enfants-neurodivergents\/\" class=\"element-wrap\"><img loading=\"lazy\" decoding=\"async\" width=\"480\" height=\"320\" src=\"https:\/\/www.iacteachers.org\/wp-content\/uploads\/2022\/09\/YI-480x320.jpg\" class=\"attachment-kleo-post-grid size-kleo-post-grid wp-post-image\" alt=\"\" srcset=\"https:\/\/www.iacteachers.org\/wp-content\/uploads\/2022\/09\/YI-480x320.jpg 480w, https:\/\/www.iacteachers.org\/wp-content\/uploads\/2022\/09\/YI-300x200.jpg 300w, https:\/\/www.iacteachers.org\/wp-content\/uploads\/2022\/09\/YI-768x512.jpg 768w, https:\/\/www.iacteachers.org\/wp-content\/uploads\/2022\/09\/YI-672x448.jpg 672w, https:\/\/www.iacteachers.org\/wp-content\/uploads\/2022\/09\/YI.jpg 900w\" sizes=\"auto, (max-width: 480px) 100vw, 480px\" \/><span class=\"hover-element\"><i>+<\/i><\/span><\/a><\/div><!--end post-image-->\n\t\t\n            <div class=\"post-header\">\n\n\t\t\t\t                    <h3 class=\"post-title entry-title\"><a href=\"https:\/\/www.iacteachers.org\/fr\/limpact-des-pratiques-pedagogiques-sur-les-enfants-neurodivergents\/\">L&#8217;IMPACT DES PRATIQUES P\u00c9DAGOGIQUES SUR LES ENFANTS NEURODIVERGENTS<\/a>\n                    <\/h3>\n\t\t\t\t\n                <span class=\"post-meta\">\n                    <small><a href=\"https:\/\/www.iacteachers.org\/fr\/limpact-des-pratiques-pedagogiques-sur-les-enfants-neurodivergents\/\" rel=\"bookmark\" class=\"post-time\"><time class=\"entry-date\" datetime=\"2022-09-24T09:35:32+00:00\">septembre 24, 2022<\/time><time class=\"modify-date hide hidden updated\" datetime=\"2024-03-16T13:37:36+00:00\">mars 16, 2024<\/time><\/a><\/small>, <small class=\"meta-category\"><a href=\"https:\/\/www.iacteachers.org\/fr\/category\/blog-fr\/\" rel=\"category tag\">Blog<\/a><\/small>, <small class=\"meta-comment-count\"><a href=\"https:\/\/www.iacteachers.org\/fr\/limpact-des-pratiques-pedagogiques-sur-les-enfants-neurodivergents\/#comments\">0 <i class=\"icon-chat-1 hover-tip\" data-original-title=\"This article has 0 comments\" data-toggle=\"tooltip\" data-placement=\"top\"><\/i><\/a><\/small>                <\/span>\n\n            <\/div><!--end post-header-->\n\n\t\t\t\n\t\t\t\t                    <div class=\"post-info\">\n\n                        <div class=\"entry-summary\">\n\t\t\t\t\t\t\t<p>Une \u00e9tude r\u00e9cente publi\u00e9e par Oecd.org intitul\u00e9e \u00ab Trends shaping Education spotlight \u00bb indique que la neurodivergence dans une...<\/p>                        <\/div><!-- .entry-summary -->\n\n                    <\/div><!--end post-info-->\n\t\t\t\t\n\t\t\t\n\t\t\n        <div class=\"post-footer\">\n            <small>\n\t\t\t\t\n\t\t\t\t                    <a href=\"https:\/\/www.iacteachers.org\/fr\/limpact-des-pratiques-pedagogiques-sur-les-enfants-neurodivergents\/\"><span class=\"muted pull-right\">\n\t\t\t\t\t\tLire la suite<\/span>\n                    <\/a>\n\t\t\t\t\n            <\/small>\n        <\/div><!--end post-footer-->\n\n    <\/div><!--end post-content-->\n<\/article>\n\n\n<article id=\"post-15546\" class=\"post-item post-15546 post type-post status-publish format-standard has-post-thumbnail hentry category-blog-fr pmpro-has-access\">\n    <div class=\"post-content animated animate-when-almost-visible el-appear\">\n\n\t\t<div class=\"post-image\"><a href=\"https:\/\/www.iacteachers.org\/fr\/mettre-laccent-sur-le-partenariat-parents-enseignants-pour-une-meilleure-experience-dapprentissage\/\" class=\"element-wrap\"><img loading=\"lazy\" decoding=\"async\" width=\"480\" height=\"320\" src=\"https:\/\/www.iacteachers.org\/wp-content\/uploads\/2022\/09\/EE-480x320.jpg\" class=\"attachment-kleo-post-grid size-kleo-post-grid wp-post-image\" alt=\"\" srcset=\"https:\/\/www.iacteachers.org\/wp-content\/uploads\/2022\/09\/EE-480x320.jpg 480w, https:\/\/www.iacteachers.org\/wp-content\/uploads\/2022\/09\/EE-300x200.jpg 300w, https:\/\/www.iacteachers.org\/wp-content\/uploads\/2022\/09\/EE-768x512.jpg 768w, https:\/\/www.iacteachers.org\/wp-content\/uploads\/2022\/09\/EE-672x448.jpg 672w, https:\/\/www.iacteachers.org\/wp-content\/uploads\/2022\/09\/EE.jpg 900w\" sizes=\"auto, (max-width: 480px) 100vw, 480px\" \/><span class=\"hover-element\"><i>+<\/i><\/span><\/a><\/div><!--end post-image-->\n\t\t\n            <div class=\"post-header\">\n\n\t\t\t\t                    <h3 class=\"post-title entry-title\"><a href=\"https:\/\/www.iacteachers.org\/fr\/mettre-laccent-sur-le-partenariat-parents-enseignants-pour-une-meilleure-experience-dapprentissage\/\">METTRE L&#8217;ACCENT SUR LE PARTENARIAT PARENTS-ENSEIGNANTS POUR UNE MEILLEURE EXP\u00c9RIENCE D&#8217;APPRENTISSAGE<\/a>\n                    <\/h3>\n\t\t\t\t\n                <span class=\"post-meta\">\n                    <small><a href=\"https:\/\/www.iacteachers.org\/fr\/mettre-laccent-sur-le-partenariat-parents-enseignants-pour-une-meilleure-experience-dapprentissage\/\" rel=\"bookmark\" class=\"post-time\"><time class=\"entry-date\" datetime=\"2022-09-24T09:33:12+00:00\">septembre 24, 2022<\/time><time class=\"modify-date hide hidden updated\" datetime=\"2024-03-16T13:23:13+00:00\">mars 16, 2024<\/time><\/a><\/small>, <small class=\"meta-category\"><a href=\"https:\/\/www.iacteachers.org\/fr\/category\/blog-fr\/\" rel=\"category tag\">Blog<\/a><\/small>, <small class=\"meta-comment-count\"><a href=\"https:\/\/www.iacteachers.org\/fr\/mettre-laccent-sur-le-partenariat-parents-enseignants-pour-une-meilleure-experience-dapprentissage\/#comments\">0 <i class=\"icon-chat-1 hover-tip\" data-original-title=\"This article has 0 comments\" data-toggle=\"tooltip\" data-placement=\"top\"><\/i><\/a><\/small>                <\/span>\n\n            <\/div><!--end post-header-->\n\n\t\t\t\n\t\t\t\t                    <div class=\"post-info\">\n\n                        <div class=\"entry-summary\">\n\t\t\t\t\t\t\t<p>En tant qu\u2019enseignant et parent, l\u2019id\u00e9e de la communication parent-enseignant est l\u2019un des m\u00e9canismes les plus pr\u00e9cieux que l\u2019on...<\/p>                        <\/div><!-- .entry-summary -->\n\n                    <\/div><!--end post-info-->\n\t\t\t\t\n\t\t\t\n\t\t\n        <div class=\"post-footer\">\n            <small>\n\t\t\t\t\n\t\t\t\t                    <a href=\"https:\/\/www.iacteachers.org\/fr\/mettre-laccent-sur-le-partenariat-parents-enseignants-pour-une-meilleure-experience-dapprentissage\/\"><span class=\"muted pull-right\">\n\t\t\t\t\t\tLire la suite<\/span>\n                    <\/a>\n\t\t\t\t\n            <\/small>\n        <\/div><!--end post-footer-->\n\n    <\/div><!--end post-content-->\n<\/article>\n\n\n<article id=\"post-15163\" class=\"post-item post-15163 post type-post status-publish format-standard has-post-thumbnail hentry category-blog-fr pmpro-has-access\">\n    <div class=\"post-content animated animate-when-almost-visible el-appear\">\n\n\t\t<div class=\"post-image\"><a href=\"https:\/\/www.iacteachers.org\/fr\/comprendre-lintimidation-et-la-prevenir-en-classe\/\" class=\"element-wrap\"><img loading=\"lazy\" decoding=\"async\" width=\"480\" height=\"320\" src=\"https:\/\/www.iacteachers.org\/wp-content\/uploads\/2022\/09\/D-480x320.jpg\" class=\"attachment-kleo-post-grid size-kleo-post-grid wp-post-image\" alt=\"\" srcset=\"https:\/\/www.iacteachers.org\/wp-content\/uploads\/2022\/09\/D-480x320.jpg 480w, https:\/\/www.iacteachers.org\/wp-content\/uploads\/2022\/09\/D-300x200.jpg 300w, https:\/\/www.iacteachers.org\/wp-content\/uploads\/2022\/09\/D-768x512.jpg 768w, https:\/\/www.iacteachers.org\/wp-content\/uploads\/2022\/09\/D-672x448.jpg 672w, https:\/\/www.iacteachers.org\/wp-content\/uploads\/2022\/09\/D.jpg 900w\" sizes=\"auto, (max-width: 480px) 100vw, 480px\" \/><span class=\"hover-element\"><i>+<\/i><\/span><\/a><\/div><!--end post-image-->\n\t\t\n            <div class=\"post-header\">\n\n\t\t\t\t                    <h3 class=\"post-title entry-title\"><a href=\"https:\/\/www.iacteachers.org\/fr\/comprendre-lintimidation-et-la-prevenir-en-classe\/\">Comprendre l\u2019intimidation et la pr\u00e9venir en classe<\/a>\n                    <\/h3>\n\t\t\t\t\n                <span class=\"post-meta\">\n                    <small><a href=\"https:\/\/www.iacteachers.org\/fr\/comprendre-lintimidation-et-la-prevenir-en-classe\/\" rel=\"bookmark\" class=\"post-time\"><time class=\"entry-date\" datetime=\"2022-09-12T12:11:40+00:00\">septembre 12, 2022<\/time><time class=\"modify-date hide hidden updated\" datetime=\"2024-03-16T13:30:01+00:00\">mars 16, 2024<\/time><\/a><\/small>, <small class=\"meta-category\"><a href=\"https:\/\/www.iacteachers.org\/fr\/category\/blog-fr\/\" rel=\"category tag\">Blog<\/a><\/small>, <small class=\"meta-comment-count\"><a href=\"https:\/\/www.iacteachers.org\/fr\/comprendre-lintimidation-et-la-prevenir-en-classe\/#comments\">0 <i class=\"icon-chat-1 hover-tip\" data-original-title=\"This article has 0 comments\" data-toggle=\"tooltip\" data-placement=\"top\"><\/i><\/a><\/small>                <\/span>\n\n            <\/div><!--end post-header-->\n\n\t\t\t\n\t\t\t\t                    <div class=\"post-info\">\n\n                        <div class=\"entry-summary\">\n\t\t\t\t\t\t\t<p>41 % DES \u00c9L\u00c8VES QUI ONT D\u00c9CLAR\u00c9 AVOIR \u00c9T\u00c9 VICTIMES DE BRIMADES \u00c0 L'\u00c9COLE ONT INDIQU\u00c9 QU'ILS PENSAIENT QUE...<\/p>                        <\/div><!-- .entry-summary -->\n\n                    <\/div><!--end post-info-->\n\t\t\t\t\n\t\t\t\n\t\t\n        <div class=\"post-footer\">\n            <small>\n\t\t\t\t\n\t\t\t\t                    <a href=\"https:\/\/www.iacteachers.org\/fr\/comprendre-lintimidation-et-la-prevenir-en-classe\/\"><span class=\"muted pull-right\">\n\t\t\t\t\t\tLire la suite<\/span>\n                    <\/a>\n\t\t\t\t\n            <\/small>\n        <\/div><!--end post-footer-->\n\n    <\/div><!--end post-content-->\n<\/article>\n\n\n<article id=\"post-15194\" class=\"post-item post-15194 post type-post status-publish format-standard has-post-thumbnail hentry category-blog-fr pmpro-has-access\">\n    <div class=\"post-content animated animate-when-almost-visible el-appear\">\n\n\t\t<div class=\"post-image\"><a href=\"https:\/\/www.iacteachers.org\/fr\/vous-avez-du-mal-a-discipliner-vos-eleves\/\" class=\"element-wrap\"><img loading=\"lazy\" decoding=\"async\" width=\"480\" height=\"320\" src=\"https:\/\/www.iacteachers.org\/wp-content\/uploads\/2022\/09\/GR-480x320.jpg\" class=\"attachment-kleo-post-grid size-kleo-post-grid wp-post-image\" alt=\"\" srcset=\"https:\/\/www.iacteachers.org\/wp-content\/uploads\/2022\/09\/GR-480x320.jpg 480w, https:\/\/www.iacteachers.org\/wp-content\/uploads\/2022\/09\/GR-300x200.jpg 300w, https:\/\/www.iacteachers.org\/wp-content\/uploads\/2022\/09\/GR-768x512.jpg 768w, https:\/\/www.iacteachers.org\/wp-content\/uploads\/2022\/09\/GR-672x448.jpg 672w, https:\/\/www.iacteachers.org\/wp-content\/uploads\/2022\/09\/GR.jpg 900w\" sizes=\"auto, (max-width: 480px) 100vw, 480px\" \/><span class=\"hover-element\"><i>+<\/i><\/span><\/a><\/div><!--end post-image-->\n\t\t\n            <div class=\"post-header\">\n\n\t\t\t\t                    <h3 class=\"post-title entry-title\"><a href=\"https:\/\/www.iacteachers.org\/fr\/vous-avez-du-mal-a-discipliner-vos-eleves\/\">VOUS AVEZ DU MAL \u00c0 DISCIPLINER VOS \u00c9L\u00c8VES ?<\/a>\n                    <\/h3>\n\t\t\t\t\n                <span class=\"post-meta\">\n                    <small><a href=\"https:\/\/www.iacteachers.org\/fr\/vous-avez-du-mal-a-discipliner-vos-eleves\/\" rel=\"bookmark\" class=\"post-time\"><time class=\"entry-date\" datetime=\"2022-09-12T12:05:55+00:00\">septembre 12, 2022<\/time><time class=\"modify-date hide hidden updated\" datetime=\"2024-03-16T13:45:23+00:00\">mars 16, 2024<\/time><\/a><\/small>, <small class=\"meta-category\"><a href=\"https:\/\/www.iacteachers.org\/fr\/category\/blog-fr\/\" rel=\"category tag\">Blog<\/a><\/small>, <small class=\"meta-comment-count\"><a href=\"https:\/\/www.iacteachers.org\/fr\/vous-avez-du-mal-a-discipliner-vos-eleves\/#comments\">0 <i class=\"icon-chat-1 hover-tip\" data-original-title=\"This article has 0 comments\" data-toggle=\"tooltip\" data-placement=\"top\"><\/i><\/a><\/small>                <\/span>\n\n            <\/div><!--end post-header-->\n\n\t\t\t\n\t\t\t\t                    <div class=\"post-info\">\n\n                        <div class=\"entry-summary\">\n\t\t\t\t\t\t\t<p>Motivation! Probablement l\u2019\u00e9motion la plus difficile \u00e0 maintenir. Que vous ayez relev\u00e9 le d\u00e9fi de laisser tomber quelques pierres...<\/p>                        <\/div><!-- .entry-summary -->\n\n                    <\/div><!--end post-info-->\n\t\t\t\t\n\t\t\t\n\t\t\n        <div class=\"post-footer\">\n            <small>\n\t\t\t\t\n\t\t\t\t                    <a href=\"https:\/\/www.iacteachers.org\/fr\/vous-avez-du-mal-a-discipliner-vos-eleves\/\"><span class=\"muted pull-right\">\n\t\t\t\t\t\tLire la suite<\/span>\n                    <\/a>\n\t\t\t\t\n            <\/small>\n        <\/div><!--end post-footer-->\n\n    <\/div><!--end post-content-->\n<\/article>\n\n\n<article id=\"post-15200\" class=\"post-item post-15200 post type-post status-publish format-standard has-post-thumbnail hentry category-blog-fr pmpro-has-access\">\n    <div class=\"post-content animated animate-when-almost-visible el-appear\">\n\n\t\t<div class=\"post-image\"><a href=\"https:\/\/www.iacteachers.org\/fr\/un-guide-pour-choisir-le-film-ideal-pour-vos-eleves\/\" class=\"element-wrap\"><img loading=\"lazy\" decoding=\"async\" width=\"480\" height=\"320\" src=\"https:\/\/www.iacteachers.org\/wp-content\/uploads\/2022\/09\/RE-480x320.jpg\" class=\"attachment-kleo-post-grid size-kleo-post-grid wp-post-image\" alt=\"\" srcset=\"https:\/\/www.iacteachers.org\/wp-content\/uploads\/2022\/09\/RE-480x320.jpg 480w, https:\/\/www.iacteachers.org\/wp-content\/uploads\/2022\/09\/RE-300x200.jpg 300w, https:\/\/www.iacteachers.org\/wp-content\/uploads\/2022\/09\/RE-768x512.jpg 768w, https:\/\/www.iacteachers.org\/wp-content\/uploads\/2022\/09\/RE-672x448.jpg 672w, https:\/\/www.iacteachers.org\/wp-content\/uploads\/2022\/09\/RE.jpg 900w\" sizes=\"auto, (max-width: 480px) 100vw, 480px\" \/><span class=\"hover-element\"><i>+<\/i><\/span><\/a><\/div><!--end post-image-->\n\t\t\n            <div class=\"post-header\">\n\n\t\t\t\t                    <h3 class=\"post-title entry-title\"><a href=\"https:\/\/www.iacteachers.org\/fr\/un-guide-pour-choisir-le-film-ideal-pour-vos-eleves\/\">UN GUIDE POUR CHOISIR LE FILM ID\u00c9AL POUR VOS \u00c9L\u00c8VES<\/a>\n                    <\/h3>\n\t\t\t\t\n                <span class=\"post-meta\">\n                    <small><a href=\"https:\/\/www.iacteachers.org\/fr\/un-guide-pour-choisir-le-film-ideal-pour-vos-eleves\/\" rel=\"bookmark\" class=\"post-time\"><time class=\"entry-date\" datetime=\"2022-09-12T12:02:11+00:00\">septembre 12, 2022<\/time><time class=\"modify-date hide hidden updated\" datetime=\"2024-03-16T13:55:53+00:00\">mars 16, 2024<\/time><\/a><\/small>, <small class=\"meta-category\"><a href=\"https:\/\/www.iacteachers.org\/fr\/category\/blog-fr\/\" rel=\"category tag\">Blog<\/a><\/small>, <small class=\"meta-comment-count\"><a href=\"https:\/\/www.iacteachers.org\/fr\/un-guide-pour-choisir-le-film-ideal-pour-vos-eleves\/#comments\">0 <i class=\"icon-chat-1 hover-tip\" data-original-title=\"This article has 0 comments\" data-toggle=\"tooltip\" data-placement=\"top\"><\/i><\/a><\/small>                <\/span>\n\n            <\/div><!--end post-header-->\n\n\t\t\t\n\t\t\t\t                    <div class=\"post-info\">\n\n                        <div class=\"entry-summary\">\n\t\t\t\t\t\t\t<p>Selon du National Center for Learning Disabilities, 1 enfant sur 5 \u00e9prouve des probl\u00e8mes importants d\u2019apprentissage en raison de...<\/p>                        <\/div><!-- .entry-summary -->\n\n                    <\/div><!--end post-info-->\n\t\t\t\t\n\t\t\t\n\t\t\n        <div class=\"post-footer\">\n            <small>\n\t\t\t\t\n\t\t\t\t                    <a href=\"https:\/\/www.iacteachers.org\/fr\/un-guide-pour-choisir-le-film-ideal-pour-vos-eleves\/\"><span class=\"muted pull-right\">\n\t\t\t\t\t\tLire la suite<\/span>\n                    <\/a>\n\t\t\t\t\n            <\/small>\n        <\/div><!--end post-footer-->\n\n    <\/div><!--end post-content-->\n<\/article>\n\n\n\t<\/div> <!-- END post listing -->\n\n\t\n[\/vc_column][\/vc_row]<\/p>\n<\/section>","protected":false},"excerpt":{"rendered":"<p>[vc_row][vc_column][\/vc_column][\/vc_row]<\/p>\n","protected":false},"author":1,"featured_media":0,"parent":0,"menu_order":0,"comment_status":"open","ping_status":"open","template":"","meta":{"_acf_changed":false,"pmpro_default_level":"","_price":"","_stock":"","_tribe_ticket_header":"","_tribe_default_ticket_provider":"","_tribe_ticket_capacity":"0","_ticket_start_date":"","_ticket_end_date":"","_tribe_ticket_show_description":"","_tribe_ticket_show_not_going":false,"_tribe_ticket_use_global_stock":"","_tribe_ticket_global_stock_level":"","_global_stock_mode":"","_global_stock_cap":"","_tribe_rsvp_for_event":"","_tribe_ticket_going_count":"","_tribe_ticket_not_going_count":"","_tribe_tickets_list":"[]","_tribe_ticket_has_attendee_info_fields":false,"footnotes":"","_tec_slr_enabled":"","_tec_slr_layout":""},"class_list":["post-15209","page","type-page","status-publish","hentry","pmpro-has-access"],"acf":[],"ticketed":false,"_links":{"self":[{"href":"https:\/\/www.iacteachers.org\/fr\/wp-json\/wp\/v2\/pages\/15209","targetHints":{"allow":["GET"]}}],"collection":[{"href":"https:\/\/www.iacteachers.org\/fr\/wp-json\/wp\/v2\/pages"}],"about":[{"href":"https:\/\/www.iacteachers.org\/fr\/wp-json\/wp\/v2\/types\/page"}],"author":[{"embeddable":true,"href":"https:\/\/www.iacteachers.org\/fr\/wp-json\/wp\/v2\/users\/1"}],"replies":[{"embeddable":true,"href":"https:\/\/www.iacteachers.org\/fr\/wp-json\/wp\/v2\/comments?post=15209"}],"version-history":[{"count":6,"href":"https:\/\/www.iacteachers.org\/fr\/wp-json\/wp\/v2\/pages\/15209\/revisions"}],"predecessor-version":[{"id":15460,"href":"https:\/\/www.iacteachers.org\/fr\/wp-json\/wp\/v2\/pages\/15209\/revisions\/15460"}],"wp:attachment":[{"href":"https:\/\/www.iacteachers.org\/fr\/wp-json\/wp\/v2\/media?parent=15209"}],"curies":[{"name":"wp","href":"https:\/\/api.w.org\/{rel}","templated":true}]}}